 {"id":39,"date":"2018-10-05T15:49:39","date_gmt":"2018-10-05T13:49:39","guid":{"rendered":"http:\/\/feuerwehrwolfring.de\/wordpress\/materialis\/"},"modified":"2025-10-31T13:23:15","modified_gmt":"2025-10-31T12:23:15","slug":"materialis","status":"publish","type":"page","link":"https:\/\/feuerwehrwolfring.de\/wordpress\/","title":{"rendered":"Front Page"},"content":{"rendered":"<!-- wp:extendstudio\/materialis--><div  id=\"overlappable-9\" class=\"overlappable-4 content-section content-section-spacing-large\" style=\"background-color: #ffffff;\" data-label=\"Overlappable\" data-id=\"overlappable--1\" data-export-id=\"overlappable-4\" data-category=\"overlappable\" data-overlap=\"true\">\n<div  class=\"gridContainer\">\n<div  class=\"row spaced-cols text-center\" data-type=\"row\">\n<div  class=\"col-xs-12 col-sm-4 \"><i  class=\"mdi icon aligncenter color1 mdi-alarm-light reverse round large\"><\/i>&nbsp;\n<p >&nbsp;<\/p>\n<div  class=\"\" data-type=\"column\">\n<h5  class=\"\">DIE AKTIVEN<\/h5>\n\n<p  class=\"\">365 Tage im Jahr bereit f\u00fcr die Sicherheitunserer B\u00fcrger<\/p>\n<p  class=\"\"><a class=\"button blue mdc-ripple-upgraded\" href=\"https:\/\/feuerwehrwolfring.de\/wordpress\/category\/aktive\" target=\"_self\" rel=\"noopener\" data-cp-link=\"1\">mehr Infos \u2026<\/a><\/p>\n<\/div>\n<p >&nbsp;<\/p>\n<\/div>\n<div  class=\"col-xs-12 col-sm-4 \"><i  class=\"mdi icon aligncenter color1 mdi-font-awesome reverse round large\"><\/i>&nbsp;\n<p >&nbsp;<\/p>\n<div  class=\"\" data-type=\"column\">\n<h5  class=\"\">DER FEUERWEHRVEREIN<\/h5>\n\n<p  class=\"\">Kulturtr\u00e4ger f\u00fcr unsere Ortschaften und<br >die Gemeinde<\/p>\n<p  class=\"\"><a class=\"button blue mdc-ripple-upgraded\" href=\"https:\/\/feuerwehrwolfring.de\/wordpress\/category\/verein\" target=\"_self\" rel=\"noopener\" data-cp-link=\"1\">mehr Infos \u2026<\/a><\/p>\n<\/div>\n<p >&nbsp;<\/p>\n<\/div>\n<div  class=\"col-xs-12 col-sm-4 \"><i  class=\"mdi icon aligncenter color1 mdi-worker reverse round large\"><\/i>&nbsp;\n<p >&nbsp;<\/p>\n<div  class=\"\" data-type=\"column\">\n<h5  class=\"\">DIE JUGENDFEUERWEHR<\/h5>\n\n<p  class=\"\">Die Zukunft f\u00fcr unsere Feuerwehr \n<br >und unseren Verein.<\/p>\n<p  class=\"\"><a class=\"button blue mdc-ripple-upgraded\" href=\"https:\/\/feuerwehrwolfring.de\/wordpress\/category\/jugend\" target=\"_self\" rel=\"noopener\" data-cp-link=\"1\">mehr Infos \u2026<\/a><\/p>\n<\/div>\n<p >&nbsp;<\/p>\n<\/div>\n<\/div>\n<\/div>\n<\/div><!-- \/wp:extendstudio\/materialis--><!-- wp:extendstudio\/materialis--><!-- \/wp:extendstudio\/materialis--><!-- wp:extendstudio\/materialis--><div  id=\"latest-news-1\" class=\"latest-news-1-materialis content-section content-section-spacing-large\" style=\"background-image: none; background-color: #f5fafd;\" data-id=\"latest-news-1-materialis\" data-label=\"Latest-news\" data-category=\"latest_news\" data-export-id=\"latest-news-1-materialis\">\n<div  class=\"gridContainer\">\n<div  class=\"row\">\n<div  class=\"section-title-col\" data-type=\"column\">\n<h2  class=\"\">Neueste Infos<\/h2>\n<\/div>\n<\/div>\n<div  class=\"row content-left-sm\">\n<div  data-type=\"row\" data-content-shortcode=\"materialis_latest_news columns=&quot;4&quot; \" data-dynamic-columns=\"handled\">\t\t<div class=\"row materialis-latest-news\">\n\t\t\t\t\t<div id=\"post-2585\" class=\"col-sm-6 col-md-4 space-bottom space-bottom-xs\">\n\t\t\t\t\t<div class=\"post-content no-padding  mdc-card overflow-hidden mdc-elevation--z2 latest-news-layout-cards\">\n\t\t\t\t\t<div class=\"\">\n\t\t\t\t    <div class=\"post-thumbnail\">\n        <a href=\"https:\/\/feuerwehrwolfring.de\/wordpress\/20-09-2025-einsatzuebung-fa-buchtal\/\" class=\"post-list-item-thumb \">\n            <img width=\"1024\" height=\"678\" src=\"https:\/\/feuerwehrwolfring.de\/wordpress\/wp-content\/uploads\/2025\/09\/nggallery_import\/Buchtal_05.jpg\" class=\"attachment-post-thumbnail size-post-thumbnail wp-post-image\" alt=\"\" loading=\"lazy\" srcset=\"https:\/\/feuerwehrwolfring.de\/wordpress\/wp-content\/uploads\/2025\/09\/nggallery_import\/Buchtal_05.jpg 1024w, https:\/\/feuerwehrwolfring.de\/wordpress\/wp-content\/uploads\/2025\/09\/nggallery_import\/Buchtal_05-300x199.jpg 300w, https:\/\/feuerwehrwolfring.de\/wordpress\/wp-content\/uploads\/2025\/09\/nggallery_import\/Buchtal_05-768x509.jpg 768w\" sizes=\"(max-width: 1024px) 100vw, 1024px\" \/>        <\/a>\n    <\/div>\n    \t\t\t<\/div>\n\t\t\n\t\t<div class=\"post-content-body col-padding  \">\n\t\t\t\t\t\t\t<div class=\"space-bottom-small\">\n\t\t\t\t\t<a href=\"https:\/\/feuerwehrwolfring.de\/wordpress\/category\/aktive\/\"  class=\"button color5 link \">Aktive<\/a>\t\t\t\t<\/div>\n\t\t\t\n\t\t\t<h4 class=\"latest-news-item-title\">\n\t\t\t\t<a href=\"https:\/\/feuerwehrwolfring.de\/wordpress\/20-09-2025-einsatzuebung-fa-buchtal\/\" rel=\"bookmark\">\n\t\t\t\t\t20.09.2025 &#8211; Einsatz\u00fcbung Fa. Buchtal\t\t\t\t<\/a>\n\t\t\t<\/h4>\n\n\t\t\t\n\t\t\t<div class=\"latest-news-item-excerpt\">\n\t\t\t\t<p>Im Rahmen der Aktionswoche wurden wir zum Brand eines Industriegeb\u00e4udes bei der Fa. Buchtal gerufen.[&hellip;]<\/p>\n\t\t\t<\/div>\n\n\n\t\t<\/div>\n\t\t\t\t\t\t\t<div class=\"mdc-card__actions box-padding-lr-small text-dark\">\n\t\t\t\t<div class=\"mdc-card__action-icons col-xs-12 text-dark col-sm-fit no-padding-left\">\n\t\t\t\t\t\t<a class=\"post-footer-link\" href=\"https:\/\/feuerwehrwolfring.de\/wordpress\/20-09-2025-einsatzuebung-fa-buchtal\/\">\n\t\t<i class=\"mdi small mdi-comment-outline mdc-card__action mdc-card__action--icon color-darkgray\" title=\"Comments\"><\/i>\n\t\t<span class=\"post-footer-value\">0<\/span>\n\t<\/a>\n\t<a class=\"post-footer-link\" href=\"https:\/\/feuerwehrwolfring.de\/wordpress\/20-09-2025-einsatzuebung-fa-buchtal\/\">\n\t\t<i class=\"mdi small mdi-clock mdc-card__action mdc-card__action--icon color-darkgray\" title=\"Post Time\"><\/i>\n\t\t<span class=\"post-footer-value\">21. September 2025<\/span>\n\t<\/a>\n\t\t\t\t\t<\/div>\n\t\t\t\t<div class=\"mdc-card__action-buttons col-xs-12 col-sm-fit no-padding\">\n\t\t\t\t\t<a href=\"https:\/\/feuerwehrwolfring.de\/wordpress\/20-09-2025-einsatzuebung-fa-buchtal\/\" class=\"button color2 link\">Weiterlesen<\/a>\n\t\t\t\t<\/div>\n\t\t\t<\/div>\n\t\t\t<\/div>\n\t\t\t\t<\/div>\n\t\t\t\t\t\t<div id=\"post-2570\" class=\"col-sm-6 col-md-4 space-bottom space-bottom-xs\">\n\t\t\t\t\t<div class=\"post-content no-padding  mdc-card overflow-hidden mdc-elevation--z2 latest-news-layout-cards\">\n\t\t\t\t\t<div class=\"\">\n\t\t\t\t    <div class=\"post-thumbnail\">\n        <a href=\"https:\/\/feuerwehrwolfring.de\/wordpress\/13-09-2025-bayer-landesfeuerwehr-leistungbewerb\/\" class=\"post-list-item-thumb \">\n            <img width=\"1024\" height=\"676\" src=\"https:\/\/feuerwehrwolfring.de\/wordpress\/wp-content\/uploads\/2025\/09\/nggallery_import\/OC_01.jpg\" class=\"attachment-post-thumbnail size-post-thumbnail wp-post-image\" alt=\"\" loading=\"lazy\" srcset=\"https:\/\/feuerwehrwolfring.de\/wordpress\/wp-content\/uploads\/2025\/09\/nggallery_import\/OC_01.jpg 1024w, https:\/\/feuerwehrwolfring.de\/wordpress\/wp-content\/uploads\/2025\/09\/nggallery_import\/OC_01-300x198.jpg 300w, https:\/\/feuerwehrwolfring.de\/wordpress\/wp-content\/uploads\/2025\/09\/nggallery_import\/OC_01-768x507.jpg 768w\" sizes=\"(max-width: 1024px) 100vw, 1024px\" \/>        <\/a>\n    <\/div>\n    \t\t\t<\/div>\n\t\t\n\t\t<div class=\"post-content-body col-padding  \">\n\t\t\t\t\t\t\t<div class=\"space-bottom-small\">\n\t\t\t\t\t<a href=\"https:\/\/feuerwehrwolfring.de\/wordpress\/category\/aktive\/\"  class=\"button color5 link \">Aktive<\/a>\t\t\t\t<\/div>\n\t\t\t\n\t\t\t<h4 class=\"latest-news-item-title\">\n\t\t\t\t<a href=\"https:\/\/feuerwehrwolfring.de\/wordpress\/13-09-2025-bayer-landesfeuerwehr-leistungbewerb\/\" rel=\"bookmark\">\n\t\t\t\t\t13.09.2025 &#8211; 1. Bayer. Landesfeuerwehr-Leistungsbewerb und 14. Oberpfalzcup\t\t\t\t<\/a>\n\t\t\t<\/h4>\n\n\t\t\t\n\t\t\t<div class=\"latest-news-item-excerpt\">\n\t\t\t\t<p>Am 13. September fanden in Amberg der 14. Oberpfalzcup der Feuerwehren sowie der 1. Landesfeuerwehr-Leistungsbewerb[&hellip;]<\/p>\n\t\t\t<\/div>\n\n\n\t\t<\/div>\n\t\t\t\t\t\t\t<div class=\"mdc-card__actions box-padding-lr-small text-dark\">\n\t\t\t\t<div class=\"mdc-card__action-icons col-xs-12 text-dark col-sm-fit no-padding-left\">\n\t\t\t\t\t\t<a class=\"post-footer-link\" href=\"https:\/\/feuerwehrwolfring.de\/wordpress\/13-09-2025-bayer-landesfeuerwehr-leistungbewerb\/\">\n\t\t<i class=\"mdi small mdi-comment-outline mdc-card__action mdc-card__action--icon color-darkgray\" title=\"Comments\"><\/i>\n\t\t<span class=\"post-footer-value\">0<\/span>\n\t<\/a>\n\t<a class=\"post-footer-link\" href=\"https:\/\/feuerwehrwolfring.de\/wordpress\/13-09-2025-bayer-landesfeuerwehr-leistungbewerb\/\">\n\t\t<i class=\"mdi small mdi-clock mdc-card__action mdc-card__action--icon color-darkgray\" title=\"Post Time\"><\/i>\n\t\t<span class=\"post-footer-value\">14. September 2025<\/span>\n\t<\/a>\n\t\t\t\t\t<\/div>\n\t\t\t\t<div class=\"mdc-card__action-buttons col-xs-12 col-sm-fit no-padding\">\n\t\t\t\t\t<a href=\"https:\/\/feuerwehrwolfring.de\/wordpress\/13-09-2025-bayer-landesfeuerwehr-leistungbewerb\/\" class=\"button color2 link\">Weiterlesen<\/a>\n\t\t\t\t<\/div>\n\t\t\t<\/div>\n\t\t\t<\/div>\n\t\t\t\t<\/div>\n\t\t\t\t\t\t<div id=\"post-2184\" class=\"col-sm-6 col-md-4 space-bottom space-bottom-xs\">\n\t\t\t\t\t<div class=\"post-content no-padding  mdc-card overflow-hidden mdc-elevation--z2 latest-news-layout-cards\">\n\t\t\t\t\t<div class=\"\">\n\t\t\t\t    <div class=\"post-thumbnail\">\n        <a href=\"https:\/\/feuerwehrwolfring.de\/wordpress\/01-07-2024-objektbegehung-sandgrube\/\" class=\"post-list-item-thumb \">\n            <img width=\"1024\" height=\"768\" src=\"https:\/\/feuerwehrwolfring.de\/wordpress\/wp-content\/uploads\/2024\/07\/nggallery_import\/Sand_01.jpg\" class=\"attachment-post-thumbnail size-post-thumbnail wp-post-image\" alt=\"\" loading=\"lazy\" srcset=\"https:\/\/feuerwehrwolfring.de\/wordpress\/wp-content\/uploads\/2024\/07\/nggallery_import\/Sand_01.jpg 1024w, https:\/\/feuerwehrwolfring.de\/wordpress\/wp-content\/uploads\/2024\/07\/nggallery_import\/Sand_01-300x225.jpg 300w, https:\/\/feuerwehrwolfring.de\/wordpress\/wp-content\/uploads\/2024\/07\/nggallery_import\/Sand_01-768x576.jpg 768w\" sizes=\"(max-width: 1024px) 100vw, 1024px\" \/>        <\/a>\n    <\/div>\n    \t\t\t<\/div>\n\t\t\n\t\t<div class=\"post-content-body col-padding  \">\n\t\t\t\t\t\t\t<div class=\"space-bottom-small\">\n\t\t\t\t\t<a href=\"https:\/\/feuerwehrwolfring.de\/wordpress\/category\/aktive\/\"  class=\"button color5 link \">Aktive<\/a>\t\t\t\t<\/div>\n\t\t\t\n\t\t\t<h4 class=\"latest-news-item-title\">\n\t\t\t\t<a href=\"https:\/\/feuerwehrwolfring.de\/wordpress\/01-07-2024-objektbegehung-sandgrube\/\" rel=\"bookmark\">\n\t\t\t\t\t01.07.2024 &#8211; Objektbegehung Sandgrube\t\t\t\t<\/a>\n\t\t\t<\/h4>\n\n\t\t\t\n\t\t\t<div class=\"latest-news-item-excerpt\">\n\t\t\t\t<p>F\u00fcr unsere Gruppenf\u00fchrer stand eine Objektbegehung der Sandgrube Freih\u00f6ls der Fa. Godelmann auf dem \u00dcbungsplan.[&hellip;]<\/p>\n\t\t\t<\/div>\n\n\n\t\t<\/div>\n\t\t\t\t\t\t\t<div class=\"mdc-card__actions box-padding-lr-small text-dark\">\n\t\t\t\t<div class=\"mdc-card__action-icons col-xs-12 text-dark col-sm-fit no-padding-left\">\n\t\t\t\t\t\t<a class=\"post-footer-link\" href=\"https:\/\/feuerwehrwolfring.de\/wordpress\/01-07-2024-objektbegehung-sandgrube\/\">\n\t\t<i class=\"mdi small mdi-comment-outline mdc-card__action mdc-card__action--icon color-darkgray\" title=\"Comments\"><\/i>\n\t\t<span class=\"post-footer-value\">0<\/span>\n\t<\/a>\n\t<a class=\"post-footer-link\" href=\"https:\/\/feuerwehrwolfring.de\/wordpress\/01-07-2024-objektbegehung-sandgrube\/\">\n\t\t<i class=\"mdi small mdi-clock mdc-card__action mdc-card__action--icon color-darkgray\" title=\"Post Time\"><\/i>\n\t\t<span class=\"post-footer-value\">1. Juli 2024<\/span>\n\t<\/a>\n\t\t\t\t\t<\/div>\n\t\t\t\t<div class=\"mdc-card__action-buttons col-xs-12 col-sm-fit no-padding\">\n\t\t\t\t\t<a href=\"https:\/\/feuerwehrwolfring.de\/wordpress\/01-07-2024-objektbegehung-sandgrube\/\" class=\"button color2 link\">Weiterlesen<\/a>\n\t\t\t\t<\/div>\n\t\t\t<\/div>\n\t\t\t<\/div>\n\t\t\t\t<\/div>\n\t\t\t\t<\/div>\n\t<\/div>\n<\/div>\n<div  class=\"row\">\n<div  class=\"text-center\"><a class=\"button big color1 mdc-elevation--z3 mdc-ripple-upgraded\" style=\"--mdc-ripple-fg-size: 105.094px; --mdc-ripple-fg-scale: 1.83923;\" href=\"https:\/\/feuerwehrwolfring.de\/wordpress\/blog\/\" target=\"_self\" rel=\"noopener\" data-attr-shortcode=\"href:materialis_blog_link\">Alle Berichte<\/a><\/div>\n<\/div>\n<\/div>\n<\/div><!-- \/wp:extendstudio\/materialis--><!-- \/wp:extendstudio\/materialis--><!-- ngg_resource_manager_marker --><!-- wp:extendstudio\/materialis--><!-- \/wp:extendstudio\/materialis--><!-- ngg_resource_manager_marker --><!-- \/wp:extendstudio\/materialis--><!-- wp:extendstudio\/materialis--><!-- wp:extendstudio\/materialis--><!-- \/wp:extendstudio\/materialis--><div  data-label=\"Cta\" data-id=\"cta--2\" data-export-id=\"cta-1-materialis\" data-category=\"cta\" class=\"content-relative content-section content-section-spacing-large cta-1-materialis section-title-col-white-text\" data-section-ov=\"1\" data-parallax-depth=\"20\" id=\"cta-2\" style=\"background-color: rgb(245, 250, 253); background-image: url(&quot;https:\/\/feuerwehrwolfring.de\/wordpress\/wp-content\/uploads\/2022\/12\/cropped-IMG_20210320_131050713-scaled-e1672321317828-1.jpg&quot;); background-size: cover; background-position: center top;\"><div  class=\"\"> <div  class=\"row text-center col-sm-padding-medium\"><div  class=\"col-md-6 col-md-offset-3 col-xs-10 col-xs-offset-1 card mdc-elevation--z3 box-padding-lr-small\"> <div  data-type=\"column\" class=\"\"><h2  class=\"\">N\u00e4chste Termine<\/h2> <p  class=\"\"><iframe  src=\"https:\/\/www.firemanager.de\/portal\/kalender\/4Rk9lXK8DX\" style=\"width: 100%; height: 550px;\"><\/iframe><\/p> <a class=\"button blue mdc-ripple-upgraded\" href=\"https:\/\/feuerwehrwolfring.de\/wordpress\/kalender\" target=\"_self\" data-cp-link=\"1\" rel=\"noopener\">zum Kalender\u2026<\/a><\/div> <\/div><\/div> <\/div><\/div><!-- wp:extendstudio\/materialis--><div  id=\"team-1\" class=\"team-1m content-section content-section-spacing-large\" style=\"background-color: #f5fafd;\" data-label=\"Team\" data-id=\"team--1\" data-export-id=\"team-1-materialis\" data-category=\"team\">\n<div  class=\"\">\n<div  class=\"row text-center space-bottom\">\n<div  class=\"section-title-col\" data-type=\"column\">\n<h2  class=\"\">Unsere F\u00fchrungskr\u00e4fte<\/h2>\n\n<img  class=\"custom-image\" src=\"https:\/\/feuerwehrwolfring.de\/wordpress\/wp-content\/uploads\/2025\/02\/cropped-s_2025_mitLogo.jpg\"><\/div>\n<p >&nbsp;<\/p>\n<\/div>\n<div  class=\"row spaced-cols content-center-sm center-sm\" data-type=\"row\">\n<div  class=\"col-xs-12 col-sm-6 col-md-2\">\n<div  class=\"card mdc-elevation--z3 y-move no-padding no-radius\">\n<div  class=\"col-padding-small col-padding-small-xs description-container\" data-type=\"column\">\n<div  class=\"social-icons-group\" data-type=\"group\">&nbsp;<\/div><h6  class=\"no-margin-bottom font-700\">B\u00f6hm Lukas<\/h6>\n<p  class=\"font-300\">2. Vorstand<\/p>\n\n\n<a class=\"button blue mdc-ripple-upgraded\" href=\"mailto:vorstand[@]feuerwehrwolfring.de\" target=\"_blank\" data-cp-link=\"1\" rel=\"noopener\">Mail senden\u2026<\/a><\/div>\n<\/div>\n<\/div>\n<div  class=\"col-xs-12 col-sm-6 col-md-2 \">\n<div  class=\"card mdc-elevation--z3 y-move no-padding no-radius\">\n<div  class=\"col-padding-small col-padding-small-xs description-container\" data-type=\"column\">\n<div  class=\"social-icons-group\" data-type=\"group\">&nbsp;<\/div><h6  class=\"no-margin-bottom font-700\">Stahl Daniel<\/h6>\n<p  class=\"font-300\">Stellv. Kommandant<\/p>\n\n\n<a class=\"button blue mdc-ripple-upgraded\" href=\"mailto:kommandant[@]feuerwehrwolfring.de\" target=\"_blank\" data-cp-link=\"1\" rel=\"noopener\">Mail senden\u2026<\/a><\/div>\n<\/div>\n<\/div>\n<div  class=\"col-xs-12 col-sm-6 col-md-2 \">\n<div  class=\"card mdc-elevation--z3 y-move no-padding no-radius\">\n<div  class=\"col-padding-small col-padding-small-xs description-container\" data-type=\"column\">\n<div  class=\"social-icons-group\" data-type=\"group\">&nbsp;<\/div><h6  class=\"no-margin-bottom font-700\">Dittrich Tobias<\/h6>\n<p  class=\"font-300\">1. Vorstand<\/p>\n\n\n<a class=\"button blue mdc-ripple-upgraded\" href=\"mailto:vorstand[@]feuerwehrwolfring.de\" target=\"_blank\" data-cp-link=\"1\" rel=\"noopener\">Mail senden\u2026<\/a><\/div>\n<\/div>\n<\/div>\n<div  class=\"col-xs-12 col-sm-6 col-md-2\">\n<div  class=\"card mdc-elevation--z3 y-move no-padding no-radius\">\n<div  class=\"col-padding-small col-padding-small-xs description-container\" data-type=\"column\">\n<div  class=\"social-icons-group\" data-type=\"group\">&nbsp;<\/div><h6  class=\"no-margin-bottom font-700\">Plank Markus<\/h6>\n<p  class=\"font-300\">Kommandant<\/p>\n\n\n<a class=\"button blue mdc-ripple-upgraded\" href=\"mailto:kommandant[@]feuerwehrwolfring.de\" target=\"_blank\" data-cp-link=\"1\" rel=\"noopener\">Mail senden\u2026<\/a><\/div>\n<\/div>\n<\/div>\n<div  class=\"col-xs-12 col-sm-6 col-md-2\">\n<div  class=\"card mdc-elevation--z3 y-move no-padding no-radius\">\n<div  class=\"col-padding-small col-padding-small-xs description-container\" data-type=\"column\">\n<div  class=\"social-icons-group\" data-type=\"group\">&nbsp;<\/div><h6  class=\"no-margin-bottom font-700\">Avemaria Patrick<\/h6>\n<p  class=\"font-300\">Stellv. Kommandant<\/p>\n\n\n<a class=\"button blue mdc-ripple-upgraded\" href=\"mailto:kommandant[@]feuerwehrwolfring.de\" target=\"_blank\" data-cp-link=\"1\" rel=\"noopener\">Mail senden\u2026<\/a><\/div>\n<\/div>\n<\/div>\n<\/div>\n<\/div>\n<\/div><!-- \/wp:extendstudio\/materialis--><!-- wp:extendstudio\/materialis--><div  id=\"cta-1\" class=\"cta-blue-section content-section content-section-spacing-large bg-color1 white-text\" data-id=\"cta--1\" data-label=\"Cta\" data-category=\"cta\" data-export-id=\"cta-blue-section\">\n<div  class=\"gridContainer\">\n<div  class=\"row middle-xs\">\n<div  class=\"col-md-8 col-sm-7 space-bottom-xs\" data-type=\"column\">\n<h2  class=\"\"><b >Wir brauchen dich!<\/b> <span  class=\"font-300\">Mach mit!<\/span>&nbsp;<\/h2>\n<\/div>\n<div  class=\"col-md-4 col-sm-5\" data-type=\"column\"><a class=\"button color2 big mdc-ripple-upgraded\" style=\"--mdc-ripple-fg-size: 106.669px; --mdc-ripple-fg-scale: 1.8356;\" href=\"mailto:info(at)feuerwehrwolfring.de\" target=\"_blank\" rel=\"noopener\" data-cp-link=\"1\">melde dich \u2026<\/a><\/div>\n<\/div>\n<\/div>\n<\/div>","protected":false},"excerpt":{"rendered":"<p>&nbsp; &nbsp; DIE AKTIVEN 365 Tage im Jahr bereit f\u00fcr die Sicherheitunserer B\u00fcrger mehr Infos \u2026 &nbsp; &nbsp; &nbsp; DER FEUERWEHRVEREIN Kulturtr\u00e4ger f\u00fcr unsere Ortschaften unddie Gemeinde mehr Infos \u2026 &nbsp; &nbsp; &nbsp; DIE JUGENDFEUERWEHR Die Zukunft f\u00fcr unsere Feuerwehr und unseren Verein. mehr Infos \u2026 &nbsp; Neueste Infos Alle Berichte Unsere F\u00fchrungskr\u00e4fte &nbsp; &nbsp;B\u00f6hm&nbsp;&hellip;<\/p>\n","protected":false},"author":1,"featured_media":0,"parent":0,"menu_order":0,"comment_status":"closed","ping_status":"closed","template":"page-templates\/homepage.php","meta":{"ngg_post_thumbnail":0},"_links":{"self":[{"href":"https:\/\/feuerwehrwolfring.de\/wordpress\/wp-json\/wp\/v2\/pages\/39"}],"collection":[{"href":"https:\/\/feuerwehrwolfring.de\/wordpress\/wp-json\/wp\/v2\/pages"}],"about":[{"href":"https:\/\/feuerwehrwolfring.de\/wordpress\/wp-json\/wp\/v2\/types\/page"}],"author":[{"embeddable":true,"href":"https:\/\/feuerwehrwolfring.de\/wordpress\/wp-json\/wp\/v2\/users\/1"}],"replies":[{"embeddable":true,"href":"https:\/\/feuerwehrwolfring.de\/wordpress\/wp-json\/wp\/v2\/comments?post=39"}],"version-history":[{"count":241,"href":"https:\/\/feuerwehrwolfring.de\/wordpress\/wp-json\/wp\/v2\/pages\/39\/revisions"}],"predecessor-version":[{"id":2639,"href":"https:\/\/feuerwehrwolfring.de\/wordpress\/wp-json\/wp\/v2\/pages\/39\/revisions\/2639"}],"wp:attachment":[{"href":"https:\/\/feuerwehrwolfring.de\/wordpress\/wp-json\/wp\/v2\/media?parent=39"}],"curies":[{"name":"wp","href":"https:\/\/api.w.org\/{rel}","templated":true}]}}